{"id":16257,"date":"2023-05-12T17:07:07","date_gmt":"2023-05-12T17:07:07","guid":{"rendered":"https:\/\/plastimol.com\/privacidade\/"},"modified":"2023-06-14T14:51:17","modified_gmt":"2023-06-14T14:51:17","slug":"privacidade","status":"publish","type":"page","link":"https:\/\/plastimol.com\/pt-pt\/privacidade\/","title":{"rendered":"Privacidade"},"content":{"rendered":"\t\t<div data-elementor-type=\"wp-page\" data-elementor-id=\"16257\" class=\"elementor elementor-16257 elementor-930\" data-elementor-post-type=\"page\">\n\t\t\t\t\t\t<section class=\"elementor-section elementor-top-section elementor-element elementor-element-21823b8e elementor-section-boxed elementor-section-height-default elementor-section-height-default\" data-id=\"21823b8e\" data-element_type=\"section\" data-e-type=\"section\">\n\t\t\t\t\t\t<div class=\"elementor-container elementor-column-gap-default\">\n\t\t\t\t\t<div class=\"elementor-column elementor-col-100 elementor-top-column elementor-element elementor-element-62881fd2\" data-id=\"62881fd2\" data-element_type=\"column\" data-e-type=\"column\">\n\t\t\t<div class=\"elementor-widget-wrap elementor-element-populated\">\n\t\t\t\t\t\t<div class=\"elementor-element elementor-element-3ae60390 elementor-widget elementor-widget-heading\" data-id=\"3ae60390\" data-element_type=\"widget\" data-e-type=\"widget\" data-widget_type=\"heading.default\">\n\t\t\t\t<div class=\"elementor-widget-container\">\n\t\t\t\t\t<p class=\"elementor-heading-title elementor-size-large\">POL\u00cdTICA DE PRIVACIDADE<\/p>\t\t\t\t<\/div>\n\t\t\t\t<\/div>\n\t\t\t\t<div class=\"elementor-element elementor-element-61e07088 elementor-widget-divider--view-line elementor-widget elementor-widget-divider\" data-id=\"61e07088\" data-element_type=\"widget\" data-e-type=\"widget\" data-widget_type=\"divider.default\">\n\t\t\t\t<div class=\"elementor-widget-container\">\n\t\t\t\t\t\t\t<div class=\"elementor-divider\">\n\t\t\t<span class=\"elementor-divider-separator\">\n\t\t\t\t\t\t<\/span>\n\t\t<\/div>\n\t\t\t\t\t\t<\/div>\n\t\t\t\t<\/div>\n\t\t\t\t\t<\/div>\n\t\t<\/div>\n\t\t\t\t\t<\/div>\n\t\t<\/section>\n\t\t\t\t<section class=\"elementor-section elementor-top-section elementor-element elementor-element-63ded33 elementor-section-boxed elementor-section-height-default elementor-section-height-default\" data-id=\"63ded33\" data-element_type=\"section\" data-e-type=\"section\">\n\t\t\t\t\t\t<div class=\"elementor-container elementor-column-gap-default\">\n\t\t\t\t\t<div class=\"elementor-column elementor-col-100 elementor-top-column elementor-element elementor-element-cd8ebfd\" data-id=\"cd8ebfd\" data-element_type=\"column\" data-e-type=\"column\">\n\t\t\t<div class=\"elementor-widget-wrap elementor-element-populated\">\n\t\t\t\t\t\t<div class=\"elementor-element elementor-element-47fb55d elementor-widget elementor-widget-text-editor\" data-id=\"47fb55d\" data-element_type=\"widget\" data-e-type=\"widget\" data-widget_type=\"text-editor.default\">\n\t\t\t\t<div class=\"elementor-widget-container\">\n\t\t\t\t\t\t\t\t\t<p><a href=\"#_Toc530642022\">POL\u00cdTICA DE PRIVACIDADE<\/a><\/p>\n<p><a href=\"#_Toc530642023\">QUEM \u00c9 O RESPONS\u00c1VEL PELO TRATAMENTO DOS DADOS?<\/a><\/p>\n<p><a href=\"#_Toc530642024\">QUE TIPO DE DADOS TRATAMOS?<\/a><\/p>\n<p><a href=\"#_Toc530642025\">PARA QUE FINS PROCESSAMOS OS SEUS DADOS PESSOAIS?<\/a><\/p>\n<p><a href=\"#_Toc530642026\">QUAL \u00c9 A LEGITIMIDADE DO TRATAMENTO DOS SEUS DADOS?<\/a><\/p>\n<p><a href=\"#_Toc530642027\">DURANTE QUANTO TEMPO CONSERVAMOS OS SEUS DADOS?<\/a><\/p>\n<p><a href=\"#_Toc530642028\">PARTILHAREMOS OS SEUS DADOS COM TERCEIROS?<\/a><\/p>\n<p><a href=\"#_Toc530642029\">QUAIS S\u00c3O OS SEUS DIREITOS QUANDO NOS FORNECE OS SEUS DADOS?<\/a><\/p>\n<p><a href=\"#_Toc530642030\">ALTERA\u00c7\u00d5ES \u00c0 POL\u00cdTICA DE PRIVACIDADE.<\/a><\/p>\n<p><a href=\"#_Toc530642031\">INFORMA\u00c7\u00d5ES SOBRE COOKIES<\/a><\/p>\n<p>PL\u00c1STICOS DE MOLINA, S.L. informa sobre a sua pol\u00edtica de privacidade aplicada aos dados de car\u00e1cter pessoal. A utiliza\u00e7\u00e3o do s\u00edtio Web n\u00e3o implica que o utilizador forne\u00e7a qualquer informa\u00e7\u00e3o relativa \u00e0 sua identidade e n\u00e3o pode ser associada a um utilizador espec\u00edfico pela empresa. No caso de serem fornecidos dados pessoais, estes dados ser\u00e3o recolhidos e utilizados de acordo com as limita\u00e7\u00f5es e direitos estabelecidos no regulamento acima mencionado.<\/p>\n<h4><a name=\"_Toc528580870\"><\/a><a name=\"_Toc530642022\"><\/a>POL\u00cdTICA DE PRIVACIDADE<\/h4>\n<p><a name=\"_Toc530642023\"><\/a><strong>QUEM \u00c9 O RESPONS\u00c1VEL PELO TRATAMENTO DOS DADOS?<\/strong><\/p>\n<ul>\n<li>O <strong>RESPONS\u00c1VEL PELO TRATAMENTO <\/strong>dos seus dados \u00e9: PL\u00c1STICOS DE MOLINA, S.L.<\/li>\n<li><strong>N\u00daMERO DE IVA: <\/strong>B73005043<\/li>\n<li><strong>Endere\u00e7o postal:<\/strong> Autov\u00eda A-30 Km 118,8 Salida 121B Fortuna. 30.627 Molina de Segura (M\u00farcia). Espanha<\/li>\n<li><strong>Correio electr\u00f3nico: <\/strong><u>contabilidad@plastimol.com<\/u><\/li>\n<\/ul>\n<p><a name=\"_Toc530642024\"><\/a><strong>QUE TIPO DE DADOS TRATAMOS?<\/strong><\/p>\n<p>Consoante os produtos, servi\u00e7os ou funcionalidades de que o utilizador pretenda usufruir em cada momento, teremos de tratar determinados dados ou outros. Em geral, esses dados s\u00e3o, consoante o caso, os seguintes:<\/p>\n<ul>\n<li>Os seus dados de identifica\u00e7\u00e3o (por exemplo, o seu nome pr\u00f3prio, apelido, l\u00edngua, pa\u00eds a partir do qual interage connosco, dados de contacto, etc.).<\/li>\n<li>Dados de liga\u00e7\u00e3o, geolocaliza\u00e7\u00e3o e navega\u00e7\u00e3o (no caso de interagir connosco a partir do seu telem\u00f3vel, por exemplo).<\/li>\n<li>Informa\u00e7\u00f5es comerciais se for assinante da nossa newsletter.<\/li>\n<li>Dados sobre os seus gostos e prefer\u00eancias.<\/li>\n<\/ul>\n<p>Lembre-se de que, quando lhe pedimos que preencha os seus dados pessoais para lhe dar acesso a alguma funcionalidade ou servi\u00e7o do s\u00edtio Web, marcaremos alguns campos como obrigat\u00f3rios, uma vez que s\u00e3o dados de que necessitamos para lhe prestar o servi\u00e7o ou lhe dar acesso \u00e0 funcionalidade em quest\u00e3o.<\/p>\n<p>Tenha em aten\u00e7\u00e3o que, se optar por n\u00e3o nos fornecer estes dados, poder\u00e1 n\u00e3o conseguir completar o seu registo de utilizador ou tirar partido destes servi\u00e7os ou funcionalidades.<\/p>\n<p><a name=\"_Toc530642025\"><\/a><strong>PARA QUE FINS PROCESSAMOS OS SEUS DADOS PESSOAIS?<\/strong><\/p>\n<p>Dependendo da forma como interage com o nosso s\u00edtio Web, processaremos os seus dados pessoais para os seguintes fins:<\/p>\n<ol>\n<li><strong>Atender aos pedidos ou solicita\u00e7\u00f5es que o utilizador faz atrav\u00e9s dos diferentes meios incorporados no nosso s\u00edtio Web.  <\/strong><\/li>\n<\/ol>\n<p>Apenas processamos os dados pessoais estritamente necess\u00e1rios para processar ou resolver a sua candidatura ou pedido, para lhe enviar um or\u00e7amento ou para gerir os candidatos a emprego.<\/p>\n<ol>\n<li><strong>Para fins de marketing.  <\/strong><\/li>\n<\/ol>\n<p>Se o utilizador aceitar receber comunica\u00e7\u00f5es comerciais, os seus dados pessoais ser\u00e3o utilizados para o envio peri\u00f3dico de newsletters da empresa.<\/p>\n<p>O utilizador deve ter em conta que pode cancelar a subscri\u00e7\u00e3o da Newsletter em qualquer momento e sem qualquer custo, contactando a PLASTICOS DE MOLINA, S.L. atrav\u00e9s do e-mail <u>contabilidad@plastimol.com,<\/u><\/p>\n<ol start=\"3\">\n<li><strong>Para a gest\u00e3o das redes sociais<\/strong><\/li>\n<\/ol>\n<p>No caso de nos seguir ou de nos contactar atrav\u00e9s das diferentes redes sociais em que estamos presentes, trataremos os dados que nos fornecer atrav\u00e9s delas. com o \u00fanico objectivo de responder \u00e0s suas mensagens ou coment\u00e1rios e gerir a nossa lista de contactos.<\/p>\n<ol>\n<li><strong>An\u00e1lise de usabilidade e qualidade para a melhoria dos nossos servi\u00e7os (Cookies)<\/strong><\/li>\n<\/ol>\n<p>Se aceder \u00e0 nossa Plataforma, informamo-lo de que trataremos os seus dados de navega\u00e7\u00e3o para fins anal\u00edticos e estat\u00edsticos, ou seja, para compreender como os utilizadores interagem com a nossa Plataforma, a fim de a podermos melhorar. Tamb\u00e9m realizamos ocasionalmente ac\u00e7\u00f5es e inqu\u00e9ritos de qualidade para conhecer o grau de satisfa\u00e7\u00e3o dos nossos clientes e utilizadores e para detectar \u00e1reas em que podemos melhorar.<\/p>\n<p><a name=\"_Toc530642026\"><\/a><strong>QUAL \u00c9 A LEGITIMIDADE DO TRATAMENTO DOS SEUS DADOS?<\/strong><\/p>\n<p>A base jur\u00eddica que nos permite processar os seus dados pessoais depende tamb\u00e9m da finalidade para a qual os processamos, pelo que encontraremos diferentes bases jur\u00eddicas nas seguintes finalidades:<\/p>\n<ol>\n<li><strong>  Aten\u00e7\u00e3o aos pedidos de informa\u00e7\u00e3o.<\/strong><\/li>\n<\/ol>\n<p>A base legal para o tratamento dos seus dados \u00e9 o consentimento informado para responder a quest\u00f5es colocadas atrav\u00e9s do s\u00edtio Web, ou para lhe enviar um or\u00e7amento, o que implica a aceita\u00e7\u00e3o destas condi\u00e7\u00f5es pelo interessado.  <\/p>\n<p>Se trabalha connosco, a base do direito \u00e9 pr\u00e9-contratual.<\/p>\n<ol>\n<li><strong>Marketing.<\/strong><\/li>\n<\/ol>\n<p>A base leg\u00edtima para o tratamento dos seus dados para fins de marketing \u00e9 o consentimento que d\u00e1 quando assinala a caixa.<\/p>\n<ol start=\"3\">\n<li><strong>Redes sociais<\/strong><\/li>\n<\/ol>\n<p>A base da legitimidade \u00e9 o consentimento informado para responder a quest\u00f5es colocadas atrav\u00e9s da rede social, bem como o momento em que nos segue e quer fazer parte da nossa lista de contactos.<\/p>\n<ol>\n<li><strong>An\u00e1lise da usabilidade e da qualidade (Cookies)<\/strong><\/li>\n<\/ol>\n<p>Consentimento do utilizador para a utiliza\u00e7\u00e3o de cookies.<\/p>\n<p><a name=\"_Toc530642027\"><\/a><strong>DURANTE QUANTO TEMPO CONSERVAMOS OS SEUS DADOS?<\/strong><\/p>\n<ol>\n<li><strong>Pedido de informa\u00e7\u00e3o.<\/strong><\/li>\n<\/ol>\n<p>Trataremos os seus dados durante o tempo necess\u00e1rio para responder ao seu pedido ou consulta e, posteriormente, durante um ano.<\/p>\n<ol>\n<li><strong>Marketing<\/strong><\/li>\n<\/ol>\n<p>Processaremos os seus dados at\u00e9 que anule a sua subscri\u00e7\u00e3o ou cancele a sua subscri\u00e7\u00e3o da newsletter.<\/p>\n<ol start=\"3\">\n<li><strong>Redes sociais<\/strong><\/li>\n<\/ol>\n<p>Processaremos os seus dados durante o tempo necess\u00e1rio para responder ao seu pedido e enquanto for um seguidor do nosso perfil.<\/p>\n<p><a name=\"_Toc530642028\"><\/a><strong>PARTILHAREMOS OS SEUS DADOS COM TERCEIROS?<\/strong><\/p>\n<p>Para cumprir as finalidades definidas na presente Pol\u00edtica de Privacidade, \u00e9 necess\u00e1rio que facultemos o acesso aos seus dados pessoais a terceiros que nos apoiam nos servi\u00e7os que lhe prestamos, tal como indicado abaixo:<\/p>\n<ul>\n<li>Fornecedores de servi\u00e7os tecnol\u00f3gicos<\/li>\n<\/ul>\n<p><a name=\"_Toc530642029\"><\/a><strong>QUAIS S\u00c3O OS SEUS DIREITOS QUANDO NOS FORNECE OS SEUS DADOS?<\/strong><\/p>\n<p>Comprometemo-nos a respeitar a confidencialidade dos seus dados pessoais e a garantir-lhe o exerc\u00edcio dos seus direitos.<\/p>\n<p>Pode exercer estes direitos gratuitamente enviando-nos uma mensagem electr\u00f3nica para o nosso endere\u00e7o contabilidad@plastimol.com, indicando simplesmente o motivo do seu pedido e o direito que pretende exercer.<\/p>\n<p>Se considerarmos necess\u00e1rio identificar o utilizador, podemos pedir-lhe uma c\u00f3pia de um documento que comprove a sua identidade. Em particular, independentemente da finalidade ou da base jur\u00eddica ao abrigo da qual processamos os seus dados, tem o direito de<\/p>\n<p>Pedir-nos acesso aos dados que temos sobre si.<\/p>\n<p>  Pedir-nos para rectificar os dados de que j\u00e1 dispomos. Note-se que, ao fornecer-nos activamente os seus dados pessoais por qualquer meio, o utilizador garante que estes s\u00e3o verdadeiros e exactos e compromete-se a notificar-nos de quaisquer altera\u00e7\u00f5es ou modifica\u00e7\u00f5es aos mesmos.<\/p>\n<p>Pedir-nos que apaguemos os seus dados na medida em que deixem de ser necess\u00e1rios para a finalidade para a qual necessitamos de os tratar, tal como o inform\u00e1mos anteriormente, ou na medida em que deixemos de ter legitimidade para o fazer.<\/p>\n<p>Pedir-nos que limitemos o tratamento dos seus dados, o que significa que, em certos casos, pode pedir-nos que suspendamos temporariamente o tratamento dos seus dados ou que os conservemos durante mais tempo do que o necess\u00e1rio, quando possa precisar deles. Se nos tiver dado o seu consentimento para o tratamento dos seus dados para qualquer fim, tem tamb\u00e9m o direito de retirar o seu consentimento em qualquer altura.<\/p>\n<p>Al\u00e9m disso, quando o tratamento dos seus dados se baseia no nosso interesse leg\u00edtimo, tem tamb\u00e9m o direito de se opor ao tratamento dos seus dados.<\/p>\n<p>Por \u00faltimo, informamos que tem o direito de apresentar uma queixa \u00e0 autoridade de controlo competente em mat\u00e9ria de protec\u00e7\u00e3o de dados, em particular \u00e0 Ag\u00eancia Espanhola de Protec\u00e7\u00e3o de Dados <a href=\"https:\/\/www.agpd.es\/portalwebAGPD\/index-ides-idphp.php\">https:\/\/www.agpd.es\/portalwebAGPD\/index-ides-idphp.php.<\/a> <\/p>\n<h4><a name=\"_Toc530642030\"><\/a>ALTERA\u00c7\u00d5ES \u00c0 POL\u00cdTICA DE PRIVACIDADE.<\/h4>\n<p>  Podemos alterar as informa\u00e7\u00f5es contidas na presente Pol\u00edtica de Privacidade periodicamente, conforme considerarmos adequado. Se o fizermos, notific\u00e1-lo-emos de v\u00e1rias formas atrav\u00e9s da Plataforma, incluindo notificando-o atrav\u00e9s do seu endere\u00e7o de correio electr\u00f3nico quando a altera\u00e7\u00e3o em quest\u00e3o for significativa para a sua privacidade, para que possa rever as altera\u00e7\u00f5es, avali\u00e1-las e, se for caso disso, opor-se ou anular a subscri\u00e7\u00e3o de qualquer servi\u00e7o ou funcionalidade.<\/p>\n<p>Os seus dados ser\u00e3o tratados em conformidade com o REGULAMENTO (UE) 2016\/679 DO PARLAMENTO EUROPEU E DO CONSELHO, de 27 de Abril de 2016, relativo \u00e0 protec\u00e7\u00e3o das pessoas singulares no que diz respeito ao tratamento de dados pessoais e \u00e0 livre circula\u00e7\u00e3o desses dados (RGPD) e com a Lei Org\u00e2nica 3\/2018, de 5 de Dezembro, relativa \u00e0 protec\u00e7\u00e3o dos dados pessoais e \u00e0 garantia dos direitos digitais (LOPDGDD).<\/p>\n\t\t\t\t\t\t\t\t<\/div>\n\t\t\t\t<\/div>\n\t\t\t\t\t<\/div>\n\t\t<\/div>\n\t\t\t\t\t<\/div>\n\t\t<\/section>\n\t\t\t\t<\/div>\n\t\t","protected":false},"excerpt":{"rendered":"<p>POL\u00cdTICA DE PRIVACIDADE POL\u00cdTICA DE PRIVACIDADE QUEM \u00c9 O RESPONS\u00c1VEL PELO TRATAMENTO DOS DADOS? QUE TIPO DE DADOS TRATAMOS? PARA QUE FINS PROCESSAMOS OS SEUS DADOS PESSOAIS? QUAL \u00c9 A LEGITIMIDADE DO TRATAMENTO DOS SEUS DADOS? DURANTE QUANTO TEMPO CONSERVAMOS OS SEUS DADOS? PARTILHAREMOS OS SEUS DADOS COM TERCEIROS? QUAIS S\u00c3O OS SEUS DIREITOS QUANDO [&hellip;]<\/p>\n","protected":false},"author":8,"featured_media":0,"parent":0,"menu_order":0,"comment_status":"closed","ping_status":"closed","template":"","meta":{"_uag_custom_page_level_css":"","site-sidebar-layout":"no-sidebar","site-content-layout":"page-builder","ast-site-content-layout":"default","site-content-style":"default","site-sidebar-style":"default","ast-global-header-display":"","ast-banner-title-visibility":"","ast-main-header-display":"","ast-hfb-above-header-display":"","ast-hfb-below-header-display":"","ast-hfb-mobile-header-display":"","site-post-title":"disabled","ast-breadcrumbs-content":"","ast-featured-img":"disabled","footer-sml-layout":"","ast-disable-related-posts":"","theme-transparent-header-meta":"default","adv-header-id-meta":"","stick-header-meta":"default","header-above-stick-meta":"","header-main-stick-meta":"","header-below-stick-meta":"","astra-migrate-meta-layouts":"default","ast-page-background-enabled":"default","ast-page-background-meta":{"desktop":{"background-color":"","background-image":"","background-repeat":"repeat","background-position":"center center","background-size":"auto","background-attachment":"scroll","background-type":"","background-media":"","overlay-type":"","overlay-color":"","overlay-opacity":"","overlay-gradient":""},"tablet":{"background-color":"","background-image":"","background-repeat":"repeat","background-position":"center center","background-size":"auto","background-attachment":"scroll","background-type":"","background-media":"","overlay-type":"","overlay-color":"","overlay-opacity":"","overlay-gradient":""},"mobile":{"background-color":"","background-image":"","background-repeat":"repeat","background-position":"center center","background-size":"auto","background-attachment":"scroll","background-type":"","background-media":"","overlay-type":"","overlay-color":"","overlay-opacity":"","overlay-gradient":""}},"ast-content-background-meta":{"desktop":{"background-color":"var(--ast-global-color-5)","background-image":"","background-repeat":"repeat","background-position":"center center","background-size":"auto","background-attachment":"scroll","background-type":"","background-media":"","overlay-type":"","overlay-color":"","overlay-opacity":"","overlay-gradient":""},"tablet":{"background-color":"var(--ast-global-color-5)","background-image":"","background-repeat":"repeat","background-position":"center center","background-size":"auto","background-attachment":"scroll","background-type":"","background-media":"","overlay-type":"","overlay-color":"","overlay-opacity":"","overlay-gradient":""},"mobile":{"background-color":"var(--ast-global-color-5)","background-image":"","background-repeat":"repeat","background-position":"center center","background-size":"auto","background-attachment":"scroll","background-type":"","background-media":"","overlay-type":"","overlay-color":"","overlay-opacity":"","overlay-gradient":""}},"_joinchat":[],"footnotes":""},"class_list":["post-16257","page","type-page","status-publish","hentry"],"yoast_head":"<!-- This site is optimized with the Yoast SEO Premium plugin v25.3 (Yoast SEO v27.4) - https:\/\/yoast.com\/product\/yoast-seo-premium-wordpress\/ -->\n<title>Privacidade | Plastimol<\/title>\n<meta name=\"robots\" content=\"noindex, follow\" \/>\n<meta property=\"og:locale\" content=\"pt_PT\" \/>\n<meta property=\"og:type\" content=\"article\" \/>\n<meta property=\"og:title\" content=\"Privacidade\" \/>\n<meta property=\"og:description\" content=\"POL\u00cdTICA DE PRIVACIDADE POL\u00cdTICA DE PRIVACIDADE QUEM \u00c9 O RESPONS\u00c1VEL PELO TRATAMENTO DOS DADOS? QUE TIPO DE DADOS TRATAMOS? PARA QUE FINS PROCESSAMOS OS SEUS DADOS PESSOAIS? QUAL \u00c9 A LEGITIMIDADE DO TRATAMENTO DOS SEUS DADOS? DURANTE QUANTO TEMPO CONSERVAMOS OS SEUS DADOS? PARTILHAREMOS OS SEUS DADOS COM TERCEIROS? QUAIS S\u00c3O OS SEUS DIREITOS QUANDO [&hellip;]\" \/>\n<meta property=\"og:url\" content=\"https:\/\/plastimol.com\/pt-pt\/privacidade\/\" \/>\n<meta property=\"og:site_name\" content=\"Plastimol\" \/>\n<meta property=\"article:publisher\" content=\"https:\/\/www.facebook.com\/Plasticos-De-Molina-SL-2231330860466005\/\" \/>\n<meta property=\"article:modified_time\" content=\"2023-06-14T14:51:17+00:00\" \/>\n<meta name=\"twitter:card\" content=\"summary_large_image\" \/>\n<meta name=\"twitter:label1\" content=\"Tempo estimado de leitura\" \/>\n\t<meta name=\"twitter:data1\" content=\"7 minutos\" \/>\n<script type=\"application\/ld+json\" class=\"yoast-schema-graph\">{\"@context\":\"https:\\\/\\\/schema.org\",\"@graph\":[{\"@type\":\"WebPage\",\"@id\":\"https:\\\/\\\/plastimol.com\\\/pt-pt\\\/privacidade\\\/\",\"url\":\"https:\\\/\\\/plastimol.com\\\/pt-pt\\\/privacidade\\\/\",\"name\":\"Privacidade | Plastimol\",\"isPartOf\":{\"@id\":\"https:\\\/\\\/plastimol.com\\\/pt-pt\\\/#website\"},\"datePublished\":\"2023-05-12T17:07:07+00:00\",\"dateModified\":\"2023-06-14T14:51:17+00:00\",\"breadcrumb\":{\"@id\":\"https:\\\/\\\/plastimol.com\\\/pt-pt\\\/privacidade\\\/#breadcrumb\"},\"inLanguage\":\"pt-PT\",\"potentialAction\":[{\"@type\":\"ReadAction\",\"target\":[\"https:\\\/\\\/plastimol.com\\\/pt-pt\\\/privacidade\\\/\"]}]},{\"@type\":\"BreadcrumbList\",\"@id\":\"https:\\\/\\\/plastimol.com\\\/pt-pt\\\/privacidade\\\/#breadcrumb\",\"itemListElement\":[{\"@type\":\"ListItem\",\"position\":1,\"name\":\"Plastimol\",\"item\":\"https:\\\/\\\/plastimol.com\\\/pt-pt\\\/\"},{\"@type\":\"ListItem\",\"position\":2,\"name\":\"Privacidade\"}]},{\"@type\":\"WebSite\",\"@id\":\"https:\\\/\\\/plastimol.com\\\/pt-pt\\\/#website\",\"url\":\"https:\\\/\\\/plastimol.com\\\/pt-pt\\\/\",\"name\":\"Plastimol.com\",\"description\":\"Fabricantes Bbox, Contenedores, Cajas, Bidones y Palets de Pl\u00e1stico\",\"publisher\":{\"@id\":\"https:\\\/\\\/plastimol.com\\\/pt-pt\\\/#organization\"},\"potentialAction\":[{\"@type\":\"SearchAction\",\"target\":{\"@type\":\"EntryPoint\",\"urlTemplate\":\"https:\\\/\\\/plastimol.com\\\/pt-pt\\\/?s={search_term_string}\"},\"query-input\":{\"@type\":\"PropertyValueSpecification\",\"valueRequired\":true,\"valueName\":\"search_term_string\"}}],\"inLanguage\":\"pt-PT\"},{\"@type\":\"Organization\",\"@id\":\"https:\\\/\\\/plastimol.com\\\/pt-pt\\\/#organization\",\"name\":\"Plastimol.com\",\"url\":\"https:\\\/\\\/plastimol.com\\\/pt-pt\\\/\",\"logo\":{\"@type\":\"ImageObject\",\"inLanguage\":\"pt-PT\",\"@id\":\"https:\\\/\\\/plastimol.com\\\/pt-pt\\\/#\\\/schema\\\/logo\\\/image\\\/\",\"url\":\"https:\\\/\\\/plastimol.com\\\/wp-content\\\/uploads\\\/2020\\\/12\\\/cropped-logo.png\",\"contentUrl\":\"https:\\\/\\\/plastimol.com\\\/wp-content\\\/uploads\\\/2020\\\/12\\\/cropped-logo.png\",\"width\":1957,\"height\":485,\"caption\":\"Plastimol.com\"},\"image\":{\"@id\":\"https:\\\/\\\/plastimol.com\\\/pt-pt\\\/#\\\/schema\\\/logo\\\/image\\\/\"},\"sameAs\":[\"https:\\\/\\\/www.facebook.com\\\/Plasticos-De-Molina-SL-2231330860466005\\\/\",\"https:\\\/\\\/in.linkedin.com\\\/company\\\/plastimol\",\"https:\\\/\\\/www.instagram.com\\\/plastimol_envases\",\"https:\\\/\\\/www.youtube.com\\\/channel\\\/UCtKxYvZ0eakrjy2gSCBETGg\\\/videos\"]}]}<\/script>\n<!-- \/ Yoast SEO Premium plugin. -->","yoast_head_json":{"title":"Privacidade | Plastimol","robots":{"index":"noindex","follow":"follow"},"og_locale":"pt_PT","og_type":"article","og_title":"Privacidade","og_description":"POL\u00cdTICA DE PRIVACIDADE POL\u00cdTICA DE PRIVACIDADE QUEM \u00c9 O RESPONS\u00c1VEL PELO TRATAMENTO DOS DADOS? QUE TIPO DE DADOS TRATAMOS? PARA QUE FINS PROCESSAMOS OS SEUS DADOS PESSOAIS? QUAL \u00c9 A LEGITIMIDADE DO TRATAMENTO DOS SEUS DADOS? DURANTE QUANTO TEMPO CONSERVAMOS OS SEUS DADOS? PARTILHAREMOS OS SEUS DADOS COM TERCEIROS? QUAIS S\u00c3O OS SEUS DIREITOS QUANDO [&hellip;]","og_url":"https:\/\/plastimol.com\/pt-pt\/privacidade\/","og_site_name":"Plastimol","article_publisher":"https:\/\/www.facebook.com\/Plasticos-De-Molina-SL-2231330860466005\/","article_modified_time":"2023-06-14T14:51:17+00:00","twitter_card":"summary_large_image","twitter_misc":{"Tempo estimado de leitura":"7 minutos"},"schema":{"@context":"https:\/\/schema.org","@graph":[{"@type":"WebPage","@id":"https:\/\/plastimol.com\/pt-pt\/privacidade\/","url":"https:\/\/plastimol.com\/pt-pt\/privacidade\/","name":"Privacidade | Plastimol","isPartOf":{"@id":"https:\/\/plastimol.com\/pt-pt\/#website"},"datePublished":"2023-05-12T17:07:07+00:00","dateModified":"2023-06-14T14:51:17+00:00","breadcrumb":{"@id":"https:\/\/plastimol.com\/pt-pt\/privacidade\/#breadcrumb"},"inLanguage":"pt-PT","potentialAction":[{"@type":"ReadAction","target":["https:\/\/plastimol.com\/pt-pt\/privacidade\/"]}]},{"@type":"BreadcrumbList","@id":"https:\/\/plastimol.com\/pt-pt\/privacidade\/#breadcrumb","itemListElement":[{"@type":"ListItem","position":1,"name":"Plastimol","item":"https:\/\/plastimol.com\/pt-pt\/"},{"@type":"ListItem","position":2,"name":"Privacidade"}]},{"@type":"WebSite","@id":"https:\/\/plastimol.com\/pt-pt\/#website","url":"https:\/\/plastimol.com\/pt-pt\/","name":"Plastimol.com","description":"Fabricantes Bbox, Contenedores, Cajas, Bidones y Palets de Pl\u00e1stico","publisher":{"@id":"https:\/\/plastimol.com\/pt-pt\/#organization"},"potentialAction":[{"@type":"SearchAction","target":{"@type":"EntryPoint","urlTemplate":"https:\/\/plastimol.com\/pt-pt\/?s={search_term_string}"},"query-input":{"@type":"PropertyValueSpecification","valueRequired":true,"valueName":"search_term_string"}}],"inLanguage":"pt-PT"},{"@type":"Organization","@id":"https:\/\/plastimol.com\/pt-pt\/#organization","name":"Plastimol.com","url":"https:\/\/plastimol.com\/pt-pt\/","logo":{"@type":"ImageObject","inLanguage":"pt-PT","@id":"https:\/\/plastimol.com\/pt-pt\/#\/schema\/logo\/image\/","url":"https:\/\/plastimol.com\/wp-content\/uploads\/2020\/12\/cropped-logo.png","contentUrl":"https:\/\/plastimol.com\/wp-content\/uploads\/2020\/12\/cropped-logo.png","width":1957,"height":485,"caption":"Plastimol.com"},"image":{"@id":"https:\/\/plastimol.com\/pt-pt\/#\/schema\/logo\/image\/"},"sameAs":["https:\/\/www.facebook.com\/Plasticos-De-Molina-SL-2231330860466005\/","https:\/\/in.linkedin.com\/company\/plastimol","https:\/\/www.instagram.com\/plastimol_envases","https:\/\/www.youtube.com\/channel\/UCtKxYvZ0eakrjy2gSCBETGg\/videos"]}]}},"uagb_featured_image_src":{"full":false,"thumbnail":false,"medium":false,"medium_large":false,"large":false,"1536x1536":false,"2048x2048":false,"woocommerce_thumbnail":false,"woocommerce_single":false,"woocommerce_gallery_thumbnail":false},"uagb_author_info":{"display_name":"Plastimol","author_link":"https:\/\/plastimol.com\/pt-pt\/author\/plastimol\/"},"uagb_comment_info":0,"uagb_excerpt":"POL\u00cdTICA DE PRIVACIDADE POL\u00cdTICA DE PRIVACIDADE QUEM \u00c9 O RESPONS\u00c1VEL PELO TRATAMENTO DOS DADOS? QUE TIPO DE DADOS TRATAMOS? PARA QUE FINS PROCESSAMOS OS SEUS DADOS PESSOAIS? QUAL \u00c9 A LEGITIMIDADE DO TRATAMENTO DOS SEUS DADOS? DURANTE QUANTO TEMPO CONSERVAMOS OS SEUS DADOS? PARTILHAREMOS OS SEUS DADOS COM TERCEIROS? QUAIS S\u00c3O OS SEUS DIREITOS QUANDO&hellip;","_links":{"self":[{"href":"https:\/\/plastimol.com\/pt-pt\/wp-json\/wp\/v2\/pages\/16257","targetHints":{"allow":["GET"]}}],"collection":[{"href":"https:\/\/plastimol.com\/pt-pt\/wp-json\/wp\/v2\/pages"}],"about":[{"href":"https:\/\/plastimol.com\/pt-pt\/wp-json\/wp\/v2\/types\/page"}],"author":[{"embeddable":true,"href":"https:\/\/plastimol.com\/pt-pt\/wp-json\/wp\/v2\/users\/8"}],"replies":[{"embeddable":true,"href":"https:\/\/plastimol.com\/pt-pt\/wp-json\/wp\/v2\/comments?post=16257"}],"version-history":[{"count":0,"href":"https:\/\/plastimol.com\/pt-pt\/wp-json\/wp\/v2\/pages\/16257\/revisions"}],"wp:attachment":[{"href":"https:\/\/plastimol.com\/pt-pt\/wp-json\/wp\/v2\/media?parent=16257"}],"curies":[{"name":"wp","href":"https:\/\/api.w.org\/{rel}","templated":true}]}}